{"version":"1.0","provider_name":"Office and Commercial spaces for rent","provider_url":"https:\/\/location-teychene.com\/en","title":"Local commercial \u00e0 louer \u2022 Longuyon \u2022 1442 m\u00b2","type":"rich","width":600,"height":338,"html":"<blockquote class=\"wp-embedded-content\" data-secret=\"BM3jwpZdfu\"><a href=\"https:\/\/location-teychene.com\/en\/bureaux_et_commerces\/local-commercial-de-1442m2\/\">local commercial de 1442m2<\/a><\/blockquote><iframe sandbox=\"allow-scripts\" security=\"restricted\" src=\"https:\/\/location-teychene.com\/en\/bureaux_et_commerces\/local-commercial-de-1442m2\/embed\/#?secret=BM3jwpZdfu\" width=\"600\" height=\"338\" title=\"&#8220;local commercial de 1442m2&#8221; &#8212; Bureaux et commerces \u00e0 louer\" data-secret=\"BM3jwpZdfu\" frameborder=\"0\" marginwidth=\"0\" marginheight=\"0\" scrolling=\"no\" class=\"wp-embedded-content\"><\/iframe><script>\n\/*! This file is auto-generated *\/\n!function(d,l){\"use strict\";l.querySelector&&d.addEventListener&&\"undefined\"!=typeof URL&&(d.wp=d.wp||{},d.wp.receiveEmbedMessage||(d.wp.receiveEmbedMessage=function(e){var t=e.data;if((t||t.secret||t.message||t.value)&&!\/[^a-zA-Z0-9]\/.test(t.secret)){for(var s,r,n,a=l.querySelectorAll('iframe[data-secret=\"'+t.secret+'\"]'),o=l.querySelectorAll('blockquote[data-secret=\"'+t.secret+'\"]'),c=new RegExp(\"^https?:$\",\"i\"),i=0;i<o.length;i++)o[i].style.display=\"none\";for(i=0;i<a.length;i++)s=a[i],e.source===s.contentWindow&&(s.removeAttribute(\"style\"),\"height\"===t.message?(1e3<(r=parseInt(t.value,10))?r=1e3:~~r<200&&(r=200),s.height=r):\"link\"===t.message&&(r=new URL(s.getAttribute(\"src\")),n=new URL(t.value),c.test(n.protocol))&&n.host===r.host&&l.activeElement===s&&(d.top.location.href=t.value))}},d.addEventListener(\"message\",d.wp.receiveEmbedMessage,!1),l.addEventListener(\"DOMContentLoaded\",function(){for(var e,t,s=l.querySelectorAll(\"iframe.wp-embedded-content\"),r=0;r<s.length;r++)(t=(e=s[r]).getAttribute(\"data-secret\"))||(t=Math.random().toString(36).substring(2,12),e.src+=\"#?secret=\"+t,e.setAttribute(\"data-secret\",t)),e.contentWindow.postMessage({message:\"ready\",secret:t},\"*\")},!1)))}(window,document);\n\/\/# sourceURL=https:\/\/location-teychene.com\/wp-includes\/js\/wp-embed.min.js\n<\/script>","thumbnail_url":"https:\/\/location-teychene.com\/wp-content\/uploads\/2025\/07\/1742297713_LP117_4_original.jpg","thumbnail_width":2000,"thumbnail_height":1500,"description":"\u00c0 LOUER \u2013 LOCAL COMMERCIAL DE 1 442 M\u00b2 AVEC R\u00c9SERVE ET GRAND PARKING \u2013 LONGUYONId\u00e9alement situ\u00e9 en plein centre-ville de Longuyon, ce local commercial offre un emplacement strat\u00e9gique et des prestations adapt\u00e9es aux commerces n\u00e9cessitant de grands espaces; Caract\u00e9ristiques principales :Superficie totale : 1 442 m\u00b2, incluant :Un rez-de-chauss\u00e9e spacieux de 1 442 m\u00b2Un sous-sol de 1 000 m\u00b2, id\u00e9al pour r\u00e9serve ou stockageHauteur sous plafond : plus de 5 m\u00e8tres, offrant un volume optimal pour l\u2019am\u00e9nagementStationnement : grand parking priv\u00e9 \u00e0 proximit\u00e9 imm\u00e9diate, facilitant l\u2019acc\u00e8s pour clients et collaborateursAvantages :Emplacement centralAccessibilit\u00e9 : espaces distincts pour surface de vente et r\u00e9servePolyvalence : espace modulable adapt\u00e9 \u00e0 diff\u00e9rents types de commerceCe local constitue une opportunit\u00e9 rare pour les entreprises souhaitant s\u2019implanter dans un emplacement cl\u00e9 avec un espace spacieux et des fonctionnalit\u00e9s id\u00e9ales pour un commerce dynamique. Pour plus d\u2019informations ou pour organiser une visite, contactez nous d\u00e8s maintenant.Provision sur charges 488,71 \u20ac\/mois, r\u00e9gularisation annuelle. D\u00e9p\u00f4t de garantie 18 025 \u20ac. DPE vierge. Les informations sur les risques auxquels ce bien est expos\u00e9 sont disponibles sur le site G\u00e9orisques : georisques.gouv.fr. Votre conseiller FINANCIERE TEYCHENE : Nathan BEN MEYERAgent commercial (Entreprise individuelle)"}