{"id":6352,"date":"2026-02-27T10:02:31","date_gmt":"2026-02-27T10:02:31","guid":{"rendered":"https:\/\/location-teychene.com\/bureaux_et_commerces\/immobilier-professionnel-a-louer-labege-6\/"},"modified":"2026-04-29T00:06:15","modified_gmt":"2026-04-29T00:06:15","slug":"immobilier-professionnel-a-louer-labege-6","status":"publish","type":"bureaux_et_commerces","link":"https:\/\/location-teychene.com\/en\/bureaux_et_commerces\/immobilier-professionnel-a-louer-labege-6\/","title":{"rendered":"Immobilier Professionnel \u00e0 louer Lab\u00e8ge"},"content":{"rendered":"<div class=\"pdfprnt-buttons pdfprnt-buttons-bureaux_et_commerces pdfprnt-top-right\"><a href=\"javascript: imageToPdf()\" class=\"pdfprnt-button pdfprnt-button-pdf\" target=\"_self\"><span class=\"pdfprnt-button-title pdfprnt-button-pdf-title\">PDF download<\/span><\/a><a href=\"https:\/\/location-teychene.com\/en\/wp-json\/wp\/v2\/bureaux_et_commerces\/6352?print=print\" class=\"pdfprnt-button pdfprnt-button-print\" target=\"_blank\"><img decoding=\"async\" src=\"https:\/\/location-teychene.com\/wp-content\/plugins\/pdf-print\/images\/print.png\" alt=\"image_print\" title=\"Print Content\" \/><\/a><\/div><p>Situ\u00e9 au c\u0153ur du parc tertiaire Lab\u00e8ge Enova, cette surface de 60m\u00b2 est enti\u00e8rement climatis\u00e9.<br \/>Tr\u00e8s lumineux.<br \/>Au premier \u00e9tage de l\u2019immeuble, ces bureaux sont cloisonn\u00e9s et c\u00e2bl\u00e9s.<br \/>L&rsquo;ensemble a \u00e9t\u00e9 fibr\u00e9 et r\u00e9nov\u00e9 au niveau des parties communes.<br \/>Parking commun<br \/>Immeuble accessible par la rocade dans un environnement calme, agr\u00e9able et arbor\u00e9.<br \/>Frais de r\u00e9daction de bail : 600 \u20ac HT<\/p>\n<p>Provision sur charges 160 \u20ac HT\/mois, r\u00e9gularisation annuelle. D\u00e9p\u00f4t de garantie 1 725 \u20ac. DPE vierge. Les informations sur les risques auxquels ce bien est expos\u00e9 sont disponibles sur le site G\u00e9orisques : georisques.gouv.fr. <\/p>","protected":false},"featured_media":6353,"parent":0,"menu_order":0,"template":"","localisation":[39],"type_de_bien":[40],"departement":[295],"ville":[209],"class_list":["post-6352","bureaux_et_commerces","type-bureaux_et_commerces","status-publish","has-post-thumbnail","hentry","localisation-sud-ouest","type_de_bien-bureau","departement-31-haute-garonne","ville-labege"],"acf":[],"yoast_head":"<!-- This site is optimized with the Yoast SEO plugin v21.5 - https:\/\/yoast.com\/wordpress\/plugins\/seo\/ -->\n<title>Bureau \u00e0 louer \u2022 Lab\u00e8ge \u2022 60 m\u00b2<\/title>\n<meta name=\"description\" content=\"Situ\u00e9 au c\u0153ur du parc tertiaire Lab\u00e8ge Enova, cette surface de 60m\u00b2 est enti\u00e8rement climatis\u00e9.Tr\u00e8s lumineux.Au premier \u00e9tage de l\u2019immeuble, ces bureaux sont cloisonn\u00e9s et c\u00e2bl\u00e9s.L&#039;ensemble a \u00e9t\u00e9 fibr\u00e9 et r\u00e9nov\u00e9 au niveau des parties communes.Parking communImmeuble accessible par la rocade dans un environnement calme, agr\u00e9able et arbor\u00e9.Frais de r\u00e9daction de bail : 600 \u20ac HTProvision sur charges 160 \u20ac HT\/mois, r\u00e9gularisation annuelle. D\u00e9p\u00f4t de garantie 1 725 \u20ac. DPE vierge. Les informations sur les risques auxquels ce bien est expos\u00e9 sont disponibles sur le site G\u00e9orisques : georisques.gouv.fr.\" \/>\n<meta name=\"robots\" content=\"index, follow, max-snippet:-1, max-image-preview:large, max-video-preview:-1\" \/>\n<link rel=\"canonical\" href=\"https:\/\/location-teychene.com\/en\/bureaux_et_commerces\/immobilier-professionnel-a-louer-labege-6\/\" \/>\n<meta property=\"og:locale\" content=\"en_GB\" \/>\n<meta property=\"og:type\" content=\"article\" \/>\n<meta property=\"og:title\" content=\"Bureau \u00e0 louer \u2022 Lab\u00e8ge \u2022 60 m\u00b2\" \/>\n<meta property=\"og:description\" content=\"Situ\u00e9 au c\u0153ur du parc tertiaire Lab\u00e8ge Enova, cette surface de 60m\u00b2 est enti\u00e8rement climatis\u00e9.Tr\u00e8s lumineux.Au premier \u00e9tage de l\u2019immeuble, ces bureaux sont cloisonn\u00e9s et c\u00e2bl\u00e9s.L&#039;ensemble a \u00e9t\u00e9 fibr\u00e9 et r\u00e9nov\u00e9 au niveau des parties communes.Parking communImmeuble accessible par la rocade dans un environnement calme, agr\u00e9able et arbor\u00e9.Frais de r\u00e9daction de bail : 600 \u20ac HTProvision sur charges 160 \u20ac HT\/mois, r\u00e9gularisation annuelle. D\u00e9p\u00f4t de garantie 1 725 \u20ac. DPE vierge. Les informations sur les risques auxquels ce bien est expos\u00e9 sont disponibles sur le site G\u00e9orisques : georisques.gouv.fr.\" \/>\n<meta property=\"og:url\" content=\"https:\/\/location-teychene.com\/en\/bureaux_et_commerces\/immobilier-professionnel-a-louer-labege-6\/\" \/>\n<meta property=\"og:site_name\" content=\"Bureaux et commerces \u00e0 louer\" \/>\n<meta property=\"article:modified_time\" content=\"2026-04-29T00:06:15+00:00\" \/>\n<meta property=\"og:image\" content=\"https:\/\/location-teychene.com\/wp-content\/uploads\/2026\/03\/1772186699_LP287_1_original.jpg\" \/>\n\t<meta property=\"og:image:width\" content=\"2000\" \/>\n\t<meta property=\"og:image:height\" content=\"1500\" \/>\n\t<meta property=\"og:image:type\" content=\"image\/jpeg\" \/>\n<meta name=\"twitter:card\" content=\"summary_large_image\" \/>\n<meta name=\"twitter:label1\" content=\"Estimated reading time\" \/>\n\t<meta name=\"twitter:data1\" content=\"1 minute\" \/>\n<script type=\"application\/ld+json\" class=\"yoast-schema-graph\">{\"@context\":\"https:\/\/schema.org\",\"@graph\":[{\"@type\":[\"WebPage\",\"RealEstateListing\"],\"@id\":\"https:\/\/location-teychene.com\/bureaux_et_commerces\/immobilier-professionnel-a-louer-labege-6\/\",\"url\":\"https:\/\/location-teychene.com\/bureaux_et_commerces\/immobilier-professionnel-a-louer-labege-6\/\",\"name\":\"Bureau \u00e0 louer \u2022 Lab\u00e8ge \u2022 60 m\u00b2\",\"isPartOf\":{\"@id\":\"https:\/\/location-teychene.com\/#website\"},\"datePublished\":\"2026-02-27T10:02:31+00:00\",\"dateModified\":\"2026-04-29T00:06:15+00:00\",\"description\":\"Situ\u00e9 au c\u0153ur du parc tertiaire Lab\u00e8ge Enova, cette surface de 60m\u00b2 est enti\u00e8rement climatis\u00e9. Tr\u00e8s lumineux. Au premier \u00e9tage de l\u2019immeuble, ces bureaux sont cloisonn\u00e9s et c\u00e2bl\u00e9s. L'ensemble a \u00e9t\u00e9 fibr\u00e9 et r\u00e9nov\u00e9 au niveau des parties communes. Parking commun Immeuble accessible par la rocade dans un environnement calme, agr\u00e9able et arbor\u00e9. Frais de r\u00e9daction de bail : 600 \u20ac HT Provision sur charges 160 \u20ac HT\/mois, r\u00e9gularisation annuelle. D\u00e9p\u00f4t de garantie 1 725 \u20ac. DPE vierge. Les informations sur les risques auxquels ce bien est expos\u00e9 sont disponibles sur le site G\u00e9orisques : georisques.gouv.fr.\",\"breadcrumb\":{\"@id\":\"https:\/\/location-teychene.com\/bureaux_et_commerces\/immobilier-professionnel-a-louer-labege-6\/#breadcrumb\"},\"inLanguage\":\"en-GB\",\"potentialAction\":[{\"@type\":\"ReadAction\",\"target\":[\"https:\/\/location-teychene.com\/bureaux_et_commerces\/immobilier-professionnel-a-louer-labege-6\/\"]}]},{\"@type\":\"BreadcrumbList\",\"@id\":\"https:\/\/location-teychene.com\/bureaux_et_commerces\/immobilier-professionnel-a-louer-labege-6\/#breadcrumb\",\"itemListElement\":[{\"@type\":\"ListItem\",\"position\":1,\"name\":\"Accueil\",\"item\":\"https:\/\/location-teychene.com\/\"},{\"@type\":\"ListItem\",\"position\":2,\"name\":\"Bureaux et commerces \u00e0 louer\",\"item\":\"https:\/\/location-teychene.com\/bureaux_et_commerces\/\"},{\"@type\":\"ListItem\",\"position\":3,\"name\":\"Immobilier Professionnel \u00e0 louer Lab\u00e8ge\"}]},{\"@type\":\"WebSite\",\"@id\":\"https:\/\/location-teychene.com\/#website\",\"url\":\"https:\/\/location-teychene.com\/\",\"name\":\"Bureaux et commerces \u00e0 louer Financi\u00e8re Teychen\u00e9\",\"description\":\"Garantissez le succ\u00e8s de votre nouvelle implantation\",\"publisher\":{\"@id\":\"https:\/\/location-teychene.com\/#organization\"},\"potentialAction\":[{\"@type\":\"SearchAction\",\"target\":{\"@type\":\"EntryPoint\",\"urlTemplate\":\"https:\/\/location-teychene.com\/?s={search_term_string}\"},\"query-input\":\"required name=search_term_string\"}],\"inLanguage\":\"en-GB\"},{\"@type\":\"Organization\",\"@id\":\"https:\/\/location-teychene.com\/#organization\",\"name\":\"Groupe Financi\u00e8re Teychen\u00e9\",\"url\":\"https:\/\/location-teychene.com\/\",\"logo\":{\"@type\":\"ImageObject\",\"inLanguage\":\"en-GB\",\"@id\":\"https:\/\/location-teychene.com\/#\/schema\/logo\/image\/\",\"url\":\"https:\/\/location-teychene.com\/wp-content\/uploads\/2023\/08\/LogoTEYCHENE.png\",\"contentUrl\":\"https:\/\/location-teychene.com\/wp-content\/uploads\/2023\/08\/LogoTEYCHENE.png\",\"width\":530,\"height\":114,\"caption\":\"Groupe Financi\u00e8re Teychen\u00e9\"},\"image\":{\"@id\":\"https:\/\/location-teychene.com\/#\/schema\/logo\/image\/\"},\"sameAs\":[\"https:\/\/www.linkedin.com\/company\/groupe-financire-teychen\/\"]}]}<\/script>\n<!-- \/ Yoast SEO plugin. -->","yoast_head_json":{"title":"Bureau \u00e0 louer \u2022 Lab\u00e8ge \u2022 60 m\u00b2","description":"Situ\u00e9 au c\u0153ur du parc tertiaire Lab\u00e8ge Enova, cette surface de 60m\u00b2 est enti\u00e8rement climatis\u00e9.Tr\u00e8s lumineux.Au premier \u00e9tage de l\u2019immeuble, ces bureaux sont cloisonn\u00e9s et c\u00e2bl\u00e9s.L'ensemble a \u00e9t\u00e9 fibr\u00e9 et r\u00e9nov\u00e9 au niveau des parties communes.Parking communImmeuble accessible par la rocade dans un environnement calme, agr\u00e9able et arbor\u00e9.Frais de r\u00e9daction de bail : 600 \u20ac HTProvision sur charges 160 \u20ac HT\/mois, r\u00e9gularisation annuelle. D\u00e9p\u00f4t de garantie 1 725 \u20ac. DPE vierge. Les informations sur les risques auxquels ce bien est expos\u00e9 sont disponibles sur le site G\u00e9orisques : georisques.gouv.fr.","robots":{"index":"index","follow":"follow","max-snippet":"max-snippet:-1","max-image-preview":"max-image-preview:large","max-video-preview":"max-video-preview:-1"},"canonical":"https:\/\/location-teychene.com\/en\/bureaux_et_commerces\/immobilier-professionnel-a-louer-labege-6\/","og_locale":"en_GB","og_type":"article","og_title":"Bureau \u00e0 louer \u2022 Lab\u00e8ge \u2022 60 m\u00b2","og_description":"Situ\u00e9 au c\u0153ur du parc tertiaire Lab\u00e8ge Enova, cette surface de 60m\u00b2 est enti\u00e8rement climatis\u00e9.Tr\u00e8s lumineux.Au premier \u00e9tage de l\u2019immeuble, ces bureaux sont cloisonn\u00e9s et c\u00e2bl\u00e9s.L'ensemble a \u00e9t\u00e9 fibr\u00e9 et r\u00e9nov\u00e9 au niveau des parties communes.Parking communImmeuble accessible par la rocade dans un environnement calme, agr\u00e9able et arbor\u00e9.Frais de r\u00e9daction de bail : 600 \u20ac HTProvision sur charges 160 \u20ac HT\/mois, r\u00e9gularisation annuelle. D\u00e9p\u00f4t de garantie 1 725 \u20ac. DPE vierge. Les informations sur les risques auxquels ce bien est expos\u00e9 sont disponibles sur le site G\u00e9orisques : georisques.gouv.fr.","og_url":"https:\/\/location-teychene.com\/en\/bureaux_et_commerces\/immobilier-professionnel-a-louer-labege-6\/","og_site_name":"Bureaux et commerces \u00e0 louer","article_modified_time":"2026-04-29T00:06:15+00:00","og_image":[{"width":2000,"height":1500,"url":"https:\/\/location-teychene.com\/wp-content\/uploads\/2026\/03\/1772186699_LP287_1_original.jpg","type":"image\/jpeg"}],"twitter_card":"summary_large_image","twitter_misc":{"Estimated reading time":"1 minute"},"schema":{"@context":"https:\/\/schema.org","@graph":[{"@type":["WebPage","RealEstateListing"],"@id":"https:\/\/location-teychene.com\/bureaux_et_commerces\/immobilier-professionnel-a-louer-labege-6\/","url":"https:\/\/location-teychene.com\/bureaux_et_commerces\/immobilier-professionnel-a-louer-labege-6\/","name":"Bureau \u00e0 louer \u2022 Lab\u00e8ge \u2022 60 m\u00b2","isPartOf":{"@id":"https:\/\/location-teychene.com\/#website"},"datePublished":"2026-02-27T10:02:31+00:00","dateModified":"2026-04-29T00:06:15+00:00","description":"Situ\u00e9 au c\u0153ur du parc tertiaire Lab\u00e8ge Enova, cette surface de 60m\u00b2 est enti\u00e8rement climatis\u00e9. Tr\u00e8s lumineux. Au premier \u00e9tage de l\u2019immeuble, ces bureaux sont cloisonn\u00e9s et c\u00e2bl\u00e9s. L'ensemble a \u00e9t\u00e9 fibr\u00e9 et r\u00e9nov\u00e9 au niveau des parties communes. Parking commun Immeuble accessible par la rocade dans un environnement calme, agr\u00e9able et arbor\u00e9. Frais de r\u00e9daction de bail : 600 \u20ac HT Provision sur charges 160 \u20ac HT\/mois, r\u00e9gularisation annuelle. D\u00e9p\u00f4t de garantie 1 725 \u20ac. DPE vierge. Les informations sur les risques auxquels ce bien est expos\u00e9 sont disponibles sur le site G\u00e9orisques : georisques.gouv.fr.","breadcrumb":{"@id":"https:\/\/location-teychene.com\/bureaux_et_commerces\/immobilier-professionnel-a-louer-labege-6\/#breadcrumb"},"inLanguage":"en-GB","potentialAction":[{"@type":"ReadAction","target":["https:\/\/location-teychene.com\/bureaux_et_commerces\/immobilier-professionnel-a-louer-labege-6\/"]}]},{"@type":"BreadcrumbList","@id":"https:\/\/location-teychene.com\/bureaux_et_commerces\/immobilier-professionnel-a-louer-labege-6\/#breadcrumb","itemListElement":[{"@type":"ListItem","position":1,"name":"Accueil","item":"https:\/\/location-teychene.com\/"},{"@type":"ListItem","position":2,"name":"Bureaux et commerces \u00e0 louer","item":"https:\/\/location-teychene.com\/bureaux_et_commerces\/"},{"@type":"ListItem","position":3,"name":"Immobilier Professionnel \u00e0 louer Lab\u00e8ge"}]},{"@type":"WebSite","@id":"https:\/\/location-teychene.com\/#website","url":"https:\/\/location-teychene.com\/","name":"Bureaux et commerces \u00e0 louer Financi\u00e8re Teychen\u00e9","description":"Garantissez le succ\u00e8s de votre nouvelle implantation","publisher":{"@id":"https:\/\/location-teychene.com\/#organization"},"potentialAction":[{"@type":"SearchAction","target":{"@type":"EntryPoint","urlTemplate":"https:\/\/location-teychene.com\/?s={search_term_string}"},"query-input":"required name=search_term_string"}],"inLanguage":"en-GB"},{"@type":"Organization","@id":"https:\/\/location-teychene.com\/#organization","name":"Groupe Financi\u00e8re Teychen\u00e9","url":"https:\/\/location-teychene.com\/","logo":{"@type":"ImageObject","inLanguage":"en-GB","@id":"https:\/\/location-teychene.com\/#\/schema\/logo\/image\/","url":"https:\/\/location-teychene.com\/wp-content\/uploads\/2023\/08\/LogoTEYCHENE.png","contentUrl":"https:\/\/location-teychene.com\/wp-content\/uploads\/2023\/08\/LogoTEYCHENE.png","width":530,"height":114,"caption":"Groupe Financi\u00e8re Teychen\u00e9"},"image":{"@id":"https:\/\/location-teychene.com\/#\/schema\/logo\/image\/"},"sameAs":["https:\/\/www.linkedin.com\/company\/groupe-financire-teychen\/"]}]}},"_links":{"self":[{"href":"https:\/\/location-teychene.com\/en\/wp-json\/wp\/v2\/bureaux_et_commerces\/6352","targetHints":{"allow":["GET"]}}],"collection":[{"href":"https:\/\/location-teychene.com\/en\/wp-json\/wp\/v2\/bureaux_et_commerces"}],"about":[{"href":"https:\/\/location-teychene.com\/en\/wp-json\/wp\/v2\/types\/bureaux_et_commerces"}],"wp:featuredmedia":[{"embeddable":true,"href":"https:\/\/location-teychene.com\/en\/wp-json\/wp\/v2\/media\/6353"}],"wp:attachment":[{"href":"https:\/\/location-teychene.com\/en\/wp-json\/wp\/v2\/media?parent=6352"}],"wp:term":[{"taxonomy":"localisation","embeddable":true,"href":"https:\/\/location-teychene.com\/en\/wp-json\/wp\/v2\/localisation?post=6352"},{"taxonomy":"type_de_bien","embeddable":true,"href":"https:\/\/location-teychene.com\/en\/wp-json\/wp\/v2\/type_de_bien?post=6352"},{"taxonomy":"departement","embeddable":true,"href":"https:\/\/location-teychene.com\/en\/wp-json\/wp\/v2\/departement?post=6352"},{"taxonomy":"ville","embeddable":true,"href":"https:\/\/location-teychene.com\/en\/wp-json\/wp\/v2\/ville?post=6352"}],"curies":[{"name":"wp","href":"https:\/\/api.w.org\/{rel}","templated":true}]}}