{"id":6371,"date":"2025-01-07T16:08:33","date_gmt":"2025-01-07T16:08:33","guid":{"rendered":"https:\/\/location-teychene.com\/bureaux_et_commerces\/local-commercial-de-579m%c2%b2-a-conflans-en-jarnisy\/"},"modified":"2026-04-29T00:06:06","modified_gmt":"2026-04-29T00:06:06","slug":"local-commercial-de-579m%c2%b2-a-conflans-en-jarnisy","status":"publish","type":"bureaux_et_commerces","link":"https:\/\/location-teychene.com\/en\/bureaux_et_commerces\/local-commercial-de-579m%c2%b2-a-conflans-en-jarnisy\/","title":{"rendered":"local commercial de 579m\u00b2 a CONFLANS EN JARNISY"},"content":{"rendered":"<div class=\"pdfprnt-buttons pdfprnt-buttons-bureaux_et_commerces pdfprnt-top-right\"><a href=\"javascript: imageToPdf()\" class=\"pdfprnt-button pdfprnt-button-pdf\" target=\"_self\"><span class=\"pdfprnt-button-title pdfprnt-button-pdf-title\">PDF download<\/span><\/a><a href=\"https:\/\/location-teychene.com\/en\/wp-json\/wp\/v2\/bureaux_et_commerces\/6371?print=print\" class=\"pdfprnt-button pdfprnt-button-print\" target=\"_blank\"><img decoding=\"async\" src=\"https:\/\/location-teychene.com\/wp-content\/plugins\/pdf-print\/images\/print.png\" alt=\"image_print\" title=\"Print Content\" \/><\/a><\/div><p>\u00c0 LOUER &#8211; LOCAL COMMERCIAL 579 M\u00b2 ID\u00c9ALEMENT SITU\u00c9 \u00c0 CONFLANS-EN-JARNISY<br \/>D\u00e9couvrez ce local commercial spacieux d&rsquo;environ 580 m\u00b2, id\u00e9alement situ\u00e9 en rez-de-chauss\u00e9e au c\u0153ur de la zone commerciale de Conflans-en-Jarnisy, \u00e0 proximit\u00e9 d\u2019enseignes attractives et b\u00e9n\u00e9ficiant d\u2019un flux de client\u00e8le important.<br \/>Caract\u00e9ristiques principales :<br \/>Superficie : 579 m\u00b2, offrant de nombreuses possibilit\u00e9s d\u2019am\u00e9nagement pour r\u00e9pondre \u00e0 vos besoins professionnels.<br \/>Hauteur sous plafond : Environ 4 \u00e0 5 m\u00e8tres, cr\u00e9ant un espace lumineux et agr\u00e9able.<br \/>Acc\u00e8s :Entr\u00e9e principale avec une double porte battante pour faciliter l\u2019accueil.<br \/>Sortie de secours situ\u00e9e \u00e0 l\u2019arri\u00e8re pour une s\u00e9curit\u00e9 optimale.<\/p>\n<p>Stationnement : Parking priv\u00e9 comprenant une vingtaine de places pour un acc\u00e8s pratique \u00e0 votre client\u00e8le.<br \/>Atouts du local :<br \/>Grande superficie : Parfait pour une activit\u00e9 n\u00e9cessitant un vaste espace commercial.<br \/>Accessibilit\u00e9 optimale : Facilement accessible gr\u00e2ce au parking et \u00e0 la proximit\u00e9 imm\u00e9diate des axes principaux.<br \/>Ce local est une opportunit\u00e9 id\u00e9ale pour d\u00e9velopper votre activit\u00e9 dans un environnement attractif et dynamique.<br \/>Ne laissez pas passer cette occasion !<br \/>Pour plus d\u2019informations ou pour organiser une visite, contactez nous d\u00e8s aujourd\u2019hui.<\/p>\n<p>Provision sur charges 143 \u20ac HT\/mois, r\u00e9gularisation annuelle. D\u00e9p\u00f4t de garantie 7 500 \u20ac. Non soumis au DPE. Les informations sur les risques auxquels ce bien est expos\u00e9 sont disponibles sur le site G\u00e9orisques : georisques.gouv.fr. <\/p>\n<p>Votre conseiller FINANCIERE TEYCHENE : Nathan BEN MEYER<br \/>Agent commercial (Entreprise individuelle)<\/p>","protected":false},"featured_media":6458,"parent":0,"menu_order":0,"template":"","localisation":[35],"type_de_bien":[41],"departement":[104],"ville":[181],"class_list":["post-6371","bureaux_et_commerces","type-bureaux_et_commerces","status-publish","has-post-thumbnail","hentry","localisation-nord-est","type_de_bien-local-commercial","departement-54-meurthe-et-moselle","ville-conflans-en-jarnisy"],"acf":[],"yoast_head":"<!-- This site is optimized with the Yoast SEO plugin v21.5 - https:\/\/yoast.com\/wordpress\/plugins\/seo\/ -->\n<title>Local commercial \u00e0 louer \u2022 Conflans-en-Jarnisy \u2022 579 m\u00b2<\/title>\n<meta name=\"description\" content=\"\u00c0 LOUER - LOCAL COMMERCIAL 579 M\u00b2 ID\u00c9ALEMENT SITU\u00c9 \u00c0 CONFLANS-EN-JARNISYD\u00e9couvrez ce local commercial spacieux d&#039;environ 580 m\u00b2, id\u00e9alement situ\u00e9 en rez-de-chauss\u00e9e au c\u0153ur de la zone commerciale de Conflans-en-Jarnisy, \u00e0 proximit\u00e9 d\u2019enseignes attractives et b\u00e9n\u00e9ficiant d\u2019un flux de client\u00e8le important.Caract\u00e9ristiques principales :Superficie : 579 m\u00b2, offrant de nombreuses possibilit\u00e9s d\u2019am\u00e9nagement pour r\u00e9pondre \u00e0 vos besoins professionnels.Hauteur sous plafond : Environ 4 \u00e0 5 m\u00e8tres, cr\u00e9ant un espace lumineux et agr\u00e9able.Acc\u00e8s :Entr\u00e9e principale avec une double porte battante pour faciliter l\u2019accueil.Sortie de secours situ\u00e9e \u00e0 l\u2019arri\u00e8re pour une s\u00e9curit\u00e9 optimale.Stationnement : Parking priv\u00e9 comprenant une vingtaine de places pour un acc\u00e8s pratique \u00e0 votre client\u00e8le.Atouts du local :Grande superficie : Parfait pour une activit\u00e9 n\u00e9cessitant un vaste espace commercial.Accessibilit\u00e9 optimale : Facilement accessible gr\u00e2ce au parking et \u00e0 la proximit\u00e9 imm\u00e9diate des axes principaux.Ce local est une opportunit\u00e9 id\u00e9ale pour d\u00e9velopper votre activit\u00e9 dans un environnement attractif et dynamique.Ne laissez pas passer cette occasion !Pour plus d\u2019informations ou pour organiser une visite, contactez nous d\u00e8s aujourd\u2019hui.Provision sur charges 143 \u20ac HT\/mois, r\u00e9gularisation annuelle. D\u00e9p\u00f4t de garantie 7 500 \u20ac. Non soumis au DPE. Les informations sur les risques auxquels ce bien est expos\u00e9 sont disponibles sur le site G\u00e9orisques : georisques.gouv.fr. Votre conseiller FINANCIERE TEYCHENE : Nathan BEN MEYERAgent commercial (Entreprise individuelle)\" \/>\n<meta name=\"robots\" content=\"index, follow, max-snippet:-1, max-image-preview:large, max-video-preview:-1\" \/>\n<link rel=\"canonical\" href=\"https:\/\/location-teychene.com\/en\/bureaux_et_commerces\/local-commercial-de-579m\u00b2-a-conflans-en-jarnisy\/\" \/>\n<meta property=\"og:locale\" content=\"en_GB\" \/>\n<meta property=\"og:type\" content=\"article\" \/>\n<meta property=\"og:title\" content=\"Local commercial \u00e0 louer \u2022 Conflans-en-Jarnisy \u2022 579 m\u00b2\" \/>\n<meta property=\"og:description\" content=\"\u00c0 LOUER - LOCAL COMMERCIAL 579 M\u00b2 ID\u00c9ALEMENT SITU\u00c9 \u00c0 CONFLANS-EN-JARNISYD\u00e9couvrez ce local commercial spacieux d&#039;environ 580 m\u00b2, id\u00e9alement situ\u00e9 en rez-de-chauss\u00e9e au c\u0153ur de la zone commerciale de Conflans-en-Jarnisy, \u00e0 proximit\u00e9 d\u2019enseignes attractives et b\u00e9n\u00e9ficiant d\u2019un flux de client\u00e8le important.Caract\u00e9ristiques principales :Superficie : 579 m\u00b2, offrant de nombreuses possibilit\u00e9s d\u2019am\u00e9nagement pour r\u00e9pondre \u00e0 vos besoins professionnels.Hauteur sous plafond : Environ 4 \u00e0 5 m\u00e8tres, cr\u00e9ant un espace lumineux et agr\u00e9able.Acc\u00e8s :Entr\u00e9e principale avec une double porte battante pour faciliter l\u2019accueil.Sortie de secours situ\u00e9e \u00e0 l\u2019arri\u00e8re pour une s\u00e9curit\u00e9 optimale.Stationnement : Parking priv\u00e9 comprenant une vingtaine de places pour un acc\u00e8s pratique \u00e0 votre client\u00e8le.Atouts du local :Grande superficie : Parfait pour une activit\u00e9 n\u00e9cessitant un vaste espace commercial.Accessibilit\u00e9 optimale : Facilement accessible gr\u00e2ce au parking et \u00e0 la proximit\u00e9 imm\u00e9diate des axes principaux.Ce local est une opportunit\u00e9 id\u00e9ale pour d\u00e9velopper votre activit\u00e9 dans un environnement attractif et dynamique.Ne laissez pas passer cette occasion !Pour plus d\u2019informations ou pour organiser une visite, contactez nous d\u00e8s aujourd\u2019hui.Provision sur charges 143 \u20ac HT\/mois, r\u00e9gularisation annuelle. D\u00e9p\u00f4t de garantie 7 500 \u20ac. Non soumis au DPE. Les informations sur les risques auxquels ce bien est expos\u00e9 sont disponibles sur le site G\u00e9orisques : georisques.gouv.fr. Votre conseiller FINANCIERE TEYCHENE : Nathan BEN MEYERAgent commercial (Entreprise individuelle)\" \/>\n<meta property=\"og:url\" content=\"https:\/\/location-teychene.com\/en\/bureaux_et_commerces\/local-commercial-de-579m\u00b2-a-conflans-en-jarnisy\/\" \/>\n<meta property=\"og:site_name\" content=\"Bureaux et commerces \u00e0 louer\" \/>\n<meta property=\"article:modified_time\" content=\"2026-04-29T00:06:06+00:00\" \/>\n<meta property=\"og:image\" content=\"https:\/\/location-teychene.com\/wp-content\/uploads\/2026\/04\/1776868251_LP122_13_original.jpg\" \/>\n\t<meta property=\"og:image:width\" content=\"1448\" \/>\n\t<meta property=\"og:image:height\" content=\"1086\" \/>\n\t<meta property=\"og:image:type\" content=\"image\/jpeg\" \/>\n<meta name=\"twitter:card\" content=\"summary_large_image\" \/>\n<meta name=\"twitter:label1\" content=\"Estimated reading time\" \/>\n\t<meta name=\"twitter:data1\" content=\"1 minute\" \/>\n<script type=\"application\/ld+json\" class=\"yoast-schema-graph\">{\"@context\":\"https:\/\/schema.org\",\"@graph\":[{\"@type\":[\"WebPage\",\"RealEstateListing\"],\"@id\":\"https:\/\/location-teychene.com\/bureaux_et_commerces\/local-commercial-de-579m%c2%b2-a-conflans-en-jarnisy\/\",\"url\":\"https:\/\/location-teychene.com\/bureaux_et_commerces\/local-commercial-de-579m%c2%b2-a-conflans-en-jarnisy\/\",\"name\":\"Local commercial \u00e0 louer \u2022 Conflans-en-Jarnisy \u2022 579 m\u00b2\",\"isPartOf\":{\"@id\":\"https:\/\/location-teychene.com\/#website\"},\"datePublished\":\"2025-01-07T16:08:33+00:00\",\"dateModified\":\"2026-04-29T00:06:06+00:00\",\"description\":\"\u00c0 LOUER - LOCAL COMMERCIAL 579 M\u00b2 ID\u00c9ALEMENT SITU\u00c9 \u00c0 CONFLANS-EN-JARNISY D\u00e9couvrez ce local commercial spacieux d'environ 580 m\u00b2, id\u00e9alement situ\u00e9 en rez-de-chauss\u00e9e au c\u0153ur de la zone commerciale de Conflans-en-Jarnisy, \u00e0 proximit\u00e9 d\u2019enseignes attractives et b\u00e9n\u00e9ficiant d\u2019un flux de client\u00e8le important. Caract\u00e9ristiques principales : Superficie : 579 m\u00b2, offrant de nombreuses possibilit\u00e9s d\u2019am\u00e9nagement pour r\u00e9pondre \u00e0 vos besoins professionnels. Hauteur sous plafond : Environ 4 \u00e0 5 m\u00e8tres, cr\u00e9ant un espace lumineux et agr\u00e9able. Acc\u00e8s :Entr\u00e9e principale avec une double porte battante pour faciliter l\u2019accueil. Sortie de secours situ\u00e9e \u00e0 l\u2019arri\u00e8re pour une s\u00e9curit\u00e9 optimale. Stationnement : Parking priv\u00e9 comprenant une vingtaine de places pour un acc\u00e8s pratique \u00e0 votre client\u00e8le. Atouts du local : Grande superficie : Parfait pour une activit\u00e9 n\u00e9cessitant un vaste espace commercial. Accessibilit\u00e9 optimale : Facilement accessible gr\u00e2ce au parking et \u00e0 la proximit\u00e9 imm\u00e9diate des axes principaux. Ce local est une opportunit\u00e9 id\u00e9ale pour d\u00e9velopper votre activit\u00e9 dans un environnement attractif et dynamique. Ne laissez pas passer cette occasion ! Pour plus d\u2019informations ou pour organiser une visite, contactez nous d\u00e8s aujourd\u2019hui. Provision sur charges 143 \u20ac HT\/mois, r\u00e9gularisation annuelle. D\u00e9p\u00f4t de garantie 7 500 \u20ac. Non soumis au DPE. Les informations sur les risques auxquels ce bien est expos\u00e9 sont disponibles sur le site G\u00e9orisques : georisques.gouv.fr. Votre conseiller FINANCIERE TEYCHENE : Nathan BEN MEYER Agent commercial (Entreprise individuelle)\",\"breadcrumb\":{\"@id\":\"https:\/\/location-teychene.com\/bureaux_et_commerces\/local-commercial-de-579m%c2%b2-a-conflans-en-jarnisy\/#breadcrumb\"},\"inLanguage\":\"en-GB\",\"potentialAction\":[{\"@type\":\"ReadAction\",\"target\":[\"https:\/\/location-teychene.com\/bureaux_et_commerces\/local-commercial-de-579m%c2%b2-a-conflans-en-jarnisy\/\"]}]},{\"@type\":\"BreadcrumbList\",\"@id\":\"https:\/\/location-teychene.com\/bureaux_et_commerces\/local-commercial-de-579m%c2%b2-a-conflans-en-jarnisy\/#breadcrumb\",\"itemListElement\":[{\"@type\":\"ListItem\",\"position\":1,\"name\":\"Accueil\",\"item\":\"https:\/\/location-teychene.com\/\"},{\"@type\":\"ListItem\",\"position\":2,\"name\":\"Bureaux et commerces \u00e0 louer\",\"item\":\"https:\/\/location-teychene.com\/bureaux_et_commerces\/\"},{\"@type\":\"ListItem\",\"position\":3,\"name\":\"local commercial de 579m\u00b2 a CONFLANS EN JARNISY\"}]},{\"@type\":\"WebSite\",\"@id\":\"https:\/\/location-teychene.com\/#website\",\"url\":\"https:\/\/location-teychene.com\/\",\"name\":\"Bureaux et commerces \u00e0 louer Financi\u00e8re Teychen\u00e9\",\"description\":\"Garantissez le succ\u00e8s de votre nouvelle implantation\",\"publisher\":{\"@id\":\"https:\/\/location-teychene.com\/#organization\"},\"potentialAction\":[{\"@type\":\"SearchAction\",\"target\":{\"@type\":\"EntryPoint\",\"urlTemplate\":\"https:\/\/location-teychene.com\/?s={search_term_string}\"},\"query-input\":\"required name=search_term_string\"}],\"inLanguage\":\"en-GB\"},{\"@type\":\"Organization\",\"@id\":\"https:\/\/location-teychene.com\/#organization\",\"name\":\"Groupe Financi\u00e8re Teychen\u00e9\",\"url\":\"https:\/\/location-teychene.com\/\",\"logo\":{\"@type\":\"ImageObject\",\"inLanguage\":\"en-GB\",\"@id\":\"https:\/\/location-teychene.com\/#\/schema\/logo\/image\/\",\"url\":\"https:\/\/location-teychene.com\/wp-content\/uploads\/2023\/08\/LogoTEYCHENE.png\",\"contentUrl\":\"https:\/\/location-teychene.com\/wp-content\/uploads\/2023\/08\/LogoTEYCHENE.png\",\"width\":530,\"height\":114,\"caption\":\"Groupe Financi\u00e8re Teychen\u00e9\"},\"image\":{\"@id\":\"https:\/\/location-teychene.com\/#\/schema\/logo\/image\/\"},\"sameAs\":[\"https:\/\/www.linkedin.com\/company\/groupe-financire-teychen\/\"]}]}<\/script>\n<!-- \/ Yoast SEO plugin. -->","yoast_head_json":{"title":"Local commercial \u00e0 louer \u2022 Conflans-en-Jarnisy \u2022 579 m\u00b2","description":"\u00c0 LOUER - LOCAL COMMERCIAL 579 M\u00b2 ID\u00c9ALEMENT SITU\u00c9 \u00c0 CONFLANS-EN-JARNISYD\u00e9couvrez ce local commercial spacieux d'environ 580 m\u00b2, id\u00e9alement situ\u00e9 en rez-de-chauss\u00e9e au c\u0153ur de la zone commerciale de Conflans-en-Jarnisy, \u00e0 proximit\u00e9 d\u2019enseignes attractives et b\u00e9n\u00e9ficiant d\u2019un flux de client\u00e8le important.Caract\u00e9ristiques principales :Superficie : 579 m\u00b2, offrant de nombreuses possibilit\u00e9s d\u2019am\u00e9nagement pour r\u00e9pondre \u00e0 vos besoins professionnels.Hauteur sous plafond : Environ 4 \u00e0 5 m\u00e8tres, cr\u00e9ant un espace lumineux et agr\u00e9able.Acc\u00e8s :Entr\u00e9e principale avec une double porte battante pour faciliter l\u2019accueil.Sortie de secours situ\u00e9e \u00e0 l\u2019arri\u00e8re pour une s\u00e9curit\u00e9 optimale.Stationnement : Parking priv\u00e9 comprenant une vingtaine de places pour un acc\u00e8s pratique \u00e0 votre client\u00e8le.Atouts du local :Grande superficie : Parfait pour une activit\u00e9 n\u00e9cessitant un vaste espace commercial.Accessibilit\u00e9 optimale : Facilement accessible gr\u00e2ce au parking et \u00e0 la proximit\u00e9 imm\u00e9diate des axes principaux.Ce local est une opportunit\u00e9 id\u00e9ale pour d\u00e9velopper votre activit\u00e9 dans un environnement attractif et dynamique.Ne laissez pas passer cette occasion !Pour plus d\u2019informations ou pour organiser une visite, contactez nous d\u00e8s aujourd\u2019hui.Provision sur charges 143 \u20ac HT\/mois, r\u00e9gularisation annuelle. D\u00e9p\u00f4t de garantie 7 500 \u20ac. Non soumis au DPE. Les informations sur les risques auxquels ce bien est expos\u00e9 sont disponibles sur le site G\u00e9orisques : georisques.gouv.fr. Votre conseiller FINANCIERE TEYCHENE : Nathan BEN MEYERAgent commercial (Entreprise individuelle)","robots":{"index":"index","follow":"follow","max-snippet":"max-snippet:-1","max-image-preview":"max-image-preview:large","max-video-preview":"max-video-preview:-1"},"canonical":"https:\/\/location-teychene.com\/en\/bureaux_et_commerces\/local-commercial-de-579m\u00b2-a-conflans-en-jarnisy\/","og_locale":"en_GB","og_type":"article","og_title":"Local commercial \u00e0 louer \u2022 Conflans-en-Jarnisy \u2022 579 m\u00b2","og_description":"\u00c0 LOUER - LOCAL COMMERCIAL 579 M\u00b2 ID\u00c9ALEMENT SITU\u00c9 \u00c0 CONFLANS-EN-JARNISYD\u00e9couvrez ce local commercial spacieux d'environ 580 m\u00b2, id\u00e9alement situ\u00e9 en rez-de-chauss\u00e9e au c\u0153ur de la zone commerciale de Conflans-en-Jarnisy, \u00e0 proximit\u00e9 d\u2019enseignes attractives et b\u00e9n\u00e9ficiant d\u2019un flux de client\u00e8le important.Caract\u00e9ristiques principales :Superficie : 579 m\u00b2, offrant de nombreuses possibilit\u00e9s d\u2019am\u00e9nagement pour r\u00e9pondre \u00e0 vos besoins professionnels.Hauteur sous plafond : Environ 4 \u00e0 5 m\u00e8tres, cr\u00e9ant un espace lumineux et agr\u00e9able.Acc\u00e8s :Entr\u00e9e principale avec une double porte battante pour faciliter l\u2019accueil.Sortie de secours situ\u00e9e \u00e0 l\u2019arri\u00e8re pour une s\u00e9curit\u00e9 optimale.Stationnement : Parking priv\u00e9 comprenant une vingtaine de places pour un acc\u00e8s pratique \u00e0 votre client\u00e8le.Atouts du local :Grande superficie : Parfait pour une activit\u00e9 n\u00e9cessitant un vaste espace commercial.Accessibilit\u00e9 optimale : Facilement accessible gr\u00e2ce au parking et \u00e0 la proximit\u00e9 imm\u00e9diate des axes principaux.Ce local est une opportunit\u00e9 id\u00e9ale pour d\u00e9velopper votre activit\u00e9 dans un environnement attractif et dynamique.Ne laissez pas passer cette occasion !Pour plus d\u2019informations ou pour organiser une visite, contactez nous d\u00e8s aujourd\u2019hui.Provision sur charges 143 \u20ac HT\/mois, r\u00e9gularisation annuelle. D\u00e9p\u00f4t de garantie 7 500 \u20ac. Non soumis au DPE. Les informations sur les risques auxquels ce bien est expos\u00e9 sont disponibles sur le site G\u00e9orisques : georisques.gouv.fr. Votre conseiller FINANCIERE TEYCHENE : Nathan BEN MEYERAgent commercial (Entreprise individuelle)","og_url":"https:\/\/location-teychene.com\/en\/bureaux_et_commerces\/local-commercial-de-579m\u00b2-a-conflans-en-jarnisy\/","og_site_name":"Bureaux et commerces \u00e0 louer","article_modified_time":"2026-04-29T00:06:06+00:00","og_image":[{"width":1448,"height":1086,"url":"https:\/\/location-teychene.com\/wp-content\/uploads\/2026\/04\/1776868251_LP122_13_original.jpg","type":"image\/jpeg"}],"twitter_card":"summary_large_image","twitter_misc":{"Estimated reading time":"1 minute"},"schema":{"@context":"https:\/\/schema.org","@graph":[{"@type":["WebPage","RealEstateListing"],"@id":"https:\/\/location-teychene.com\/bureaux_et_commerces\/local-commercial-de-579m%c2%b2-a-conflans-en-jarnisy\/","url":"https:\/\/location-teychene.com\/bureaux_et_commerces\/local-commercial-de-579m%c2%b2-a-conflans-en-jarnisy\/","name":"Local commercial \u00e0 louer \u2022 Conflans-en-Jarnisy \u2022 579 m\u00b2","isPartOf":{"@id":"https:\/\/location-teychene.com\/#website"},"datePublished":"2025-01-07T16:08:33+00:00","dateModified":"2026-04-29T00:06:06+00:00","description":"\u00c0 LOUER - LOCAL COMMERCIAL 579 M\u00b2 ID\u00c9ALEMENT SITU\u00c9 \u00c0 CONFLANS-EN-JARNISY D\u00e9couvrez ce local commercial spacieux d'environ 580 m\u00b2, id\u00e9alement situ\u00e9 en rez-de-chauss\u00e9e au c\u0153ur de la zone commerciale de Conflans-en-Jarnisy, \u00e0 proximit\u00e9 d\u2019enseignes attractives et b\u00e9n\u00e9ficiant d\u2019un flux de client\u00e8le important. Caract\u00e9ristiques principales : Superficie : 579 m\u00b2, offrant de nombreuses possibilit\u00e9s d\u2019am\u00e9nagement pour r\u00e9pondre \u00e0 vos besoins professionnels. Hauteur sous plafond : Environ 4 \u00e0 5 m\u00e8tres, cr\u00e9ant un espace lumineux et agr\u00e9able. Acc\u00e8s :Entr\u00e9e principale avec une double porte battante pour faciliter l\u2019accueil. Sortie de secours situ\u00e9e \u00e0 l\u2019arri\u00e8re pour une s\u00e9curit\u00e9 optimale. Stationnement : Parking priv\u00e9 comprenant une vingtaine de places pour un acc\u00e8s pratique \u00e0 votre client\u00e8le. Atouts du local : Grande superficie : Parfait pour une activit\u00e9 n\u00e9cessitant un vaste espace commercial. Accessibilit\u00e9 optimale : Facilement accessible gr\u00e2ce au parking et \u00e0 la proximit\u00e9 imm\u00e9diate des axes principaux. Ce local est une opportunit\u00e9 id\u00e9ale pour d\u00e9velopper votre activit\u00e9 dans un environnement attractif et dynamique. Ne laissez pas passer cette occasion ! Pour plus d\u2019informations ou pour organiser une visite, contactez nous d\u00e8s aujourd\u2019hui. Provision sur charges 143 \u20ac HT\/mois, r\u00e9gularisation annuelle. D\u00e9p\u00f4t de garantie 7 500 \u20ac. Non soumis au DPE. Les informations sur les risques auxquels ce bien est expos\u00e9 sont disponibles sur le site G\u00e9orisques : georisques.gouv.fr. Votre conseiller FINANCIERE TEYCHENE : Nathan BEN MEYER Agent commercial (Entreprise individuelle)","breadcrumb":{"@id":"https:\/\/location-teychene.com\/bureaux_et_commerces\/local-commercial-de-579m%c2%b2-a-conflans-en-jarnisy\/#breadcrumb"},"inLanguage":"en-GB","potentialAction":[{"@type":"ReadAction","target":["https:\/\/location-teychene.com\/bureaux_et_commerces\/local-commercial-de-579m%c2%b2-a-conflans-en-jarnisy\/"]}]},{"@type":"BreadcrumbList","@id":"https:\/\/location-teychene.com\/bureaux_et_commerces\/local-commercial-de-579m%c2%b2-a-conflans-en-jarnisy\/#breadcrumb","itemListElement":[{"@type":"ListItem","position":1,"name":"Accueil","item":"https:\/\/location-teychene.com\/"},{"@type":"ListItem","position":2,"name":"Bureaux et commerces \u00e0 louer","item":"https:\/\/location-teychene.com\/bureaux_et_commerces\/"},{"@type":"ListItem","position":3,"name":"local commercial de 579m\u00b2 a CONFLANS EN JARNISY"}]},{"@type":"WebSite","@id":"https:\/\/location-teychene.com\/#website","url":"https:\/\/location-teychene.com\/","name":"Bureaux et commerces \u00e0 louer Financi\u00e8re Teychen\u00e9","description":"Garantissez le succ\u00e8s de votre nouvelle implantation","publisher":{"@id":"https:\/\/location-teychene.com\/#organization"},"potentialAction":[{"@type":"SearchAction","target":{"@type":"EntryPoint","urlTemplate":"https:\/\/location-teychene.com\/?s={search_term_string}"},"query-input":"required name=search_term_string"}],"inLanguage":"en-GB"},{"@type":"Organization","@id":"https:\/\/location-teychene.com\/#organization","name":"Groupe Financi\u00e8re Teychen\u00e9","url":"https:\/\/location-teychene.com\/","logo":{"@type":"ImageObject","inLanguage":"en-GB","@id":"https:\/\/location-teychene.com\/#\/schema\/logo\/image\/","url":"https:\/\/location-teychene.com\/wp-content\/uploads\/2023\/08\/LogoTEYCHENE.png","contentUrl":"https:\/\/location-teychene.com\/wp-content\/uploads\/2023\/08\/LogoTEYCHENE.png","width":530,"height":114,"caption":"Groupe Financi\u00e8re Teychen\u00e9"},"image":{"@id":"https:\/\/location-teychene.com\/#\/schema\/logo\/image\/"},"sameAs":["https:\/\/www.linkedin.com\/company\/groupe-financire-teychen\/"]}]}},"_links":{"self":[{"href":"https:\/\/location-teychene.com\/en\/wp-json\/wp\/v2\/bureaux_et_commerces\/6371","targetHints":{"allow":["GET"]}}],"collection":[{"href":"https:\/\/location-teychene.com\/en\/wp-json\/wp\/v2\/bureaux_et_commerces"}],"about":[{"href":"https:\/\/location-teychene.com\/en\/wp-json\/wp\/v2\/types\/bureaux_et_commerces"}],"wp:featuredmedia":[{"embeddable":true,"href":"https:\/\/location-teychene.com\/en\/wp-json\/wp\/v2\/media\/6458"}],"wp:attachment":[{"href":"https:\/\/location-teychene.com\/en\/wp-json\/wp\/v2\/media?parent=6371"}],"wp:term":[{"taxonomy":"localisation","embeddable":true,"href":"https:\/\/location-teychene.com\/en\/wp-json\/wp\/v2\/localisation?post=6371"},{"taxonomy":"type_de_bien","embeddable":true,"href":"https:\/\/location-teychene.com\/en\/wp-json\/wp\/v2\/type_de_bien?post=6371"},{"taxonomy":"departement","embeddable":true,"href":"https:\/\/location-teychene.com\/en\/wp-json\/wp\/v2\/departement?post=6371"},{"taxonomy":"ville","embeddable":true,"href":"https:\/\/location-teychene.com\/en\/wp-json\/wp\/v2\/ville?post=6371"}],"curies":[{"name":"wp","href":"https:\/\/api.w.org\/{rel}","templated":true}]}}