{"id":6432,"date":"2024-10-14T08:56:27","date_gmt":"2024-10-14T08:56:27","guid":{"rendered":"https:\/\/location-teychene.com\/bureaux_et_commerces\/local-commercial-740-m%c2%b2-sens-sud-champbertrand\/"},"modified":"2026-04-17T00:06:06","modified_gmt":"2026-04-17T00:06:06","slug":"local-commercial-740-m%c2%b2-sens-sud-champbertrand","status":"publish","type":"bureaux_et_commerces","link":"https:\/\/location-teychene.com\/en\/bureaux_et_commerces\/local-commercial-740-m%c2%b2-sens-sud-champbertrand\/","title":{"rendered":"Local commercial 740 m\u00b2 \u2013 Sens Sud Champbertrand"},"content":{"rendered":"<div class=\"pdfprnt-buttons pdfprnt-buttons-bureaux_et_commerces pdfprnt-top-right\"><a href=\"javascript: imageToPdf()\" class=\"pdfprnt-button pdfprnt-button-pdf\" target=\"_self\"><span class=\"pdfprnt-button-title pdfprnt-button-pdf-title\">PDF download<\/span><\/a><a href=\"https:\/\/location-teychene.com\/en\/wp-json\/wp\/v2\/bureaux_et_commerces\/6432?print=print\" class=\"pdfprnt-button pdfprnt-button-print\" target=\"_blank\"><img decoding=\"async\" src=\"https:\/\/location-teychene.com\/wp-content\/plugins\/pdf-print\/images\/print.png\" alt=\"image_print\" title=\"Print Content\" \/><\/a><\/div><p>\u00c0 LOUER \u2013 LOCAL COMMERCIAL | SENS SUD CHAMPBERTRAND<br \/>Au c\u0153ur de la zone commerciale Sens Sud Champbertrand, ce local commercial b\u00e9n\u00e9ficie d\u2019un emplacement strat\u00e9gique au sein d\u2019un environnement attractif et dynamique.<\/p>\n<p>Situ\u00e9 \u00e0 proximit\u00e9 imm\u00e9diate du cin\u00e9ma Confluences, il profite d\u2019un flux de client\u00e8le r\u00e9gulier et d\u2019une forte fr\u00e9quentation.<\/p>\n<p>Le local d\u00e9veloppe une surface de 740 m\u00b2, comprenant un espace de vente ainsi qu\u2019une r\u00e9serve. Il dispose \u00e9galement d\u2019un acc\u00e8s ind\u00e9pendant pour les livraisons, facilitant l\u2019exploitation.<\/p>\n<p>Ce bien conviendra \u00e0 de nombreuses activit\u00e9s commerciales.<\/p>\n<p>Disponible imm\u00e9diatementDossier complet sur demande<\/p>\n<p>D\u00e9p\u00f4t de garantie 17 265 \u20ac. DPE vierge. Les informations sur les risques auxquels ce bien est expos\u00e9 sont disponibles sur le site G\u00e9orisques : georisques.gouv.fr. <\/p>","protected":false},"featured_media":5651,"parent":0,"menu_order":0,"template":"","localisation":[35],"type_de_bien":[41],"departement":[139],"ville":[259],"class_list":["post-6432","bureaux_et_commerces","type-bureaux_et_commerces","status-publish","has-post-thumbnail","hentry","localisation-nord-est","type_de_bien-local-commercial","departement-89-yonne","ville-sens"],"acf":[],"yoast_head":"<!-- This site is optimized with the Yoast SEO plugin v21.5 - https:\/\/yoast.com\/wordpress\/plugins\/seo\/ -->\n<title>Local commercial \u00e0 louer \u2022 Sens \u2022 740 m\u00b2<\/title>\n<meta name=\"description\" content=\"\u00c0 LOUER \u2013 LOCAL COMMERCIAL | SENS SUD CHAMPBERTRANDAu c\u0153ur de la zone commerciale Sens Sud Champbertrand, ce local commercial b\u00e9n\u00e9ficie d\u2019un emplacement strat\u00e9gique au sein d\u2019un environnement attractif et dynamique.Situ\u00e9 \u00e0 proximit\u00e9 imm\u00e9diate du cin\u00e9ma Confluences, il profite d\u2019un flux de client\u00e8le r\u00e9gulier et d\u2019une forte fr\u00e9quentation.Le local d\u00e9veloppe une surface de 740 m\u00b2, comprenant un espace de vente ainsi qu\u2019une r\u00e9serve. Il dispose \u00e9galement d\u2019un acc\u00e8s ind\u00e9pendant pour les livraisons, facilitant l\u2019exploitation.Ce bien conviendra \u00e0 de nombreuses activit\u00e9s commerciales.Disponible imm\u00e9diatementDossier complet sur demandeD\u00e9p\u00f4t de garantie 17 265 \u20ac. DPE vierge. Les informations sur les risques auxquels ce bien est expos\u00e9 sont disponibles sur le site G\u00e9orisques : georisques.gouv.fr.\" \/>\n<meta name=\"robots\" content=\"index, follow, max-snippet:-1, max-image-preview:large, max-video-preview:-1\" \/>\n<link rel=\"canonical\" href=\"https:\/\/location-teychene.com\/en\/bureaux_et_commerces\/local-commercial-740-m\u00b2-sens-sud-champbertrand\/\" \/>\n<meta property=\"og:locale\" content=\"en_GB\" \/>\n<meta property=\"og:type\" content=\"article\" \/>\n<meta property=\"og:title\" content=\"Local commercial \u00e0 louer \u2022 Sens \u2022 740 m\u00b2\" \/>\n<meta property=\"og:description\" content=\"\u00c0 LOUER \u2013 LOCAL COMMERCIAL | SENS SUD CHAMPBERTRANDAu c\u0153ur de la zone commerciale Sens Sud Champbertrand, ce local commercial b\u00e9n\u00e9ficie d\u2019un emplacement strat\u00e9gique au sein d\u2019un environnement attractif et dynamique.Situ\u00e9 \u00e0 proximit\u00e9 imm\u00e9diate du cin\u00e9ma Confluences, il profite d\u2019un flux de client\u00e8le r\u00e9gulier et d\u2019une forte fr\u00e9quentation.Le local d\u00e9veloppe une surface de 740 m\u00b2, comprenant un espace de vente ainsi qu\u2019une r\u00e9serve. Il dispose \u00e9galement d\u2019un acc\u00e8s ind\u00e9pendant pour les livraisons, facilitant l\u2019exploitation.Ce bien conviendra \u00e0 de nombreuses activit\u00e9s commerciales.Disponible imm\u00e9diatementDossier complet sur demandeD\u00e9p\u00f4t de garantie 17 265 \u20ac. DPE vierge. Les informations sur les risques auxquels ce bien est expos\u00e9 sont disponibles sur le site G\u00e9orisques : georisques.gouv.fr.\" \/>\n<meta property=\"og:url\" content=\"https:\/\/location-teychene.com\/en\/bureaux_et_commerces\/local-commercial-740-m\u00b2-sens-sud-champbertrand\/\" \/>\n<meta property=\"og:site_name\" content=\"Bureaux et commerces \u00e0 louer\" \/>\n<meta property=\"article:modified_time\" content=\"2026-04-17T00:06:06+00:00\" \/>\n<meta property=\"og:image\" content=\"https:\/\/location-teychene.com\/wp-content\/uploads\/2025\/10\/1760023144_LP069_15_original.jpg\" \/>\n\t<meta property=\"og:image:width\" content=\"2000\" \/>\n\t<meta property=\"og:image:height\" content=\"1500\" \/>\n\t<meta property=\"og:image:type\" content=\"image\/jpeg\" \/>\n<meta name=\"twitter:card\" content=\"summary_large_image\" \/>\n<meta name=\"twitter:label1\" content=\"Estimated reading time\" \/>\n\t<meta name=\"twitter:data1\" content=\"1 minute\" \/>\n<script type=\"application\/ld+json\" class=\"yoast-schema-graph\">{\"@context\":\"https:\/\/schema.org\",\"@graph\":[{\"@type\":[\"WebPage\",\"RealEstateListing\"],\"@id\":\"https:\/\/location-teychene.com\/bureaux_et_commerces\/local-commercial-740-m%c2%b2-sens-sud-champbertrand\/\",\"url\":\"https:\/\/location-teychene.com\/bureaux_et_commerces\/local-commercial-740-m%c2%b2-sens-sud-champbertrand\/\",\"name\":\"Local commercial \u00e0 louer \u2022 Sens \u2022 740 m\u00b2\",\"isPartOf\":{\"@id\":\"https:\/\/location-teychene.com\/#website\"},\"datePublished\":\"2024-10-14T08:56:27+00:00\",\"dateModified\":\"2026-04-17T00:06:06+00:00\",\"description\":\"\u00c0 LOUER \u2013 LOCAL COMMERCIAL | SENS SUD CHAMPBERTRAND Au c\u0153ur de la zone commerciale Sens Sud Champbertrand, ce local commercial b\u00e9n\u00e9ficie d\u2019un emplacement strat\u00e9gique au sein d\u2019un environnement attractif et dynamique. Situ\u00e9 \u00e0 proximit\u00e9 imm\u00e9diate du cin\u00e9ma Confluences, il profite d\u2019un flux de client\u00e8le r\u00e9gulier et d\u2019une forte fr\u00e9quentation. Le local d\u00e9veloppe une surface de 740 m\u00b2, comprenant un espace de vente ainsi qu\u2019une r\u00e9serve. Il dispose \u00e9galement d\u2019un acc\u00e8s ind\u00e9pendant pour les livraisons, facilitant l\u2019exploitation. Ce bien conviendra \u00e0 de nombreuses activit\u00e9s commerciales. Disponible imm\u00e9diatementDossier complet sur demande D\u00e9p\u00f4t de garantie 17 265 \u20ac. DPE vierge. Les informations sur les risques auxquels ce bien est expos\u00e9 sont disponibles sur le site G\u00e9orisques : georisques.gouv.fr.\",\"breadcrumb\":{\"@id\":\"https:\/\/location-teychene.com\/bureaux_et_commerces\/local-commercial-740-m%c2%b2-sens-sud-champbertrand\/#breadcrumb\"},\"inLanguage\":\"en-GB\",\"potentialAction\":[{\"@type\":\"ReadAction\",\"target\":[\"https:\/\/location-teychene.com\/bureaux_et_commerces\/local-commercial-740-m%c2%b2-sens-sud-champbertrand\/\"]}]},{\"@type\":\"BreadcrumbList\",\"@id\":\"https:\/\/location-teychene.com\/bureaux_et_commerces\/local-commercial-740-m%c2%b2-sens-sud-champbertrand\/#breadcrumb\",\"itemListElement\":[{\"@type\":\"ListItem\",\"position\":1,\"name\":\"Accueil\",\"item\":\"https:\/\/location-teychene.com\/\"},{\"@type\":\"ListItem\",\"position\":2,\"name\":\"Bureaux et commerces \u00e0 louer\",\"item\":\"https:\/\/location-teychene.com\/bureaux_et_commerces\/\"},{\"@type\":\"ListItem\",\"position\":3,\"name\":\"Local commercial 740 m\u00b2 \u2013 Sens Sud Champbertrand\"}]},{\"@type\":\"WebSite\",\"@id\":\"https:\/\/location-teychene.com\/#website\",\"url\":\"https:\/\/location-teychene.com\/\",\"name\":\"Bureaux et commerces \u00e0 louer Financi\u00e8re Teychen\u00e9\",\"description\":\"Garantissez le succ\u00e8s de votre nouvelle implantation\",\"publisher\":{\"@id\":\"https:\/\/location-teychene.com\/#organization\"},\"potentialAction\":[{\"@type\":\"SearchAction\",\"target\":{\"@type\":\"EntryPoint\",\"urlTemplate\":\"https:\/\/location-teychene.com\/?s={search_term_string}\"},\"query-input\":\"required name=search_term_string\"}],\"inLanguage\":\"en-GB\"},{\"@type\":\"Organization\",\"@id\":\"https:\/\/location-teychene.com\/#organization\",\"name\":\"Groupe Financi\u00e8re Teychen\u00e9\",\"url\":\"https:\/\/location-teychene.com\/\",\"logo\":{\"@type\":\"ImageObject\",\"inLanguage\":\"en-GB\",\"@id\":\"https:\/\/location-teychene.com\/#\/schema\/logo\/image\/\",\"url\":\"https:\/\/location-teychene.com\/wp-content\/uploads\/2023\/08\/LogoTEYCHENE.png\",\"contentUrl\":\"https:\/\/location-teychene.com\/wp-content\/uploads\/2023\/08\/LogoTEYCHENE.png\",\"width\":530,\"height\":114,\"caption\":\"Groupe Financi\u00e8re Teychen\u00e9\"},\"image\":{\"@id\":\"https:\/\/location-teychene.com\/#\/schema\/logo\/image\/\"},\"sameAs\":[\"https:\/\/www.linkedin.com\/company\/groupe-financire-teychen\/\"]}]}<\/script>\n<!-- \/ Yoast SEO plugin. -->","yoast_head_json":{"title":"Local commercial \u00e0 louer \u2022 Sens \u2022 740 m\u00b2","description":"\u00c0 LOUER \u2013 LOCAL COMMERCIAL | SENS SUD CHAMPBERTRANDAu c\u0153ur de la zone commerciale Sens Sud Champbertrand, ce local commercial b\u00e9n\u00e9ficie d\u2019un emplacement strat\u00e9gique au sein d\u2019un environnement attractif et dynamique.Situ\u00e9 \u00e0 proximit\u00e9 imm\u00e9diate du cin\u00e9ma Confluences, il profite d\u2019un flux de client\u00e8le r\u00e9gulier et d\u2019une forte fr\u00e9quentation.Le local d\u00e9veloppe une surface de 740 m\u00b2, comprenant un espace de vente ainsi qu\u2019une r\u00e9serve. Il dispose \u00e9galement d\u2019un acc\u00e8s ind\u00e9pendant pour les livraisons, facilitant l\u2019exploitation.Ce bien conviendra \u00e0 de nombreuses activit\u00e9s commerciales.Disponible imm\u00e9diatementDossier complet sur demandeD\u00e9p\u00f4t de garantie 17 265 \u20ac. DPE vierge. Les informations sur les risques auxquels ce bien est expos\u00e9 sont disponibles sur le site G\u00e9orisques : georisques.gouv.fr.","robots":{"index":"index","follow":"follow","max-snippet":"max-snippet:-1","max-image-preview":"max-image-preview:large","max-video-preview":"max-video-preview:-1"},"canonical":"https:\/\/location-teychene.com\/en\/bureaux_et_commerces\/local-commercial-740-m\u00b2-sens-sud-champbertrand\/","og_locale":"en_GB","og_type":"article","og_title":"Local commercial \u00e0 louer \u2022 Sens \u2022 740 m\u00b2","og_description":"\u00c0 LOUER \u2013 LOCAL COMMERCIAL | SENS SUD CHAMPBERTRANDAu c\u0153ur de la zone commerciale Sens Sud Champbertrand, ce local commercial b\u00e9n\u00e9ficie d\u2019un emplacement strat\u00e9gique au sein d\u2019un environnement attractif et dynamique.Situ\u00e9 \u00e0 proximit\u00e9 imm\u00e9diate du cin\u00e9ma Confluences, il profite d\u2019un flux de client\u00e8le r\u00e9gulier et d\u2019une forte fr\u00e9quentation.Le local d\u00e9veloppe une surface de 740 m\u00b2, comprenant un espace de vente ainsi qu\u2019une r\u00e9serve. Il dispose \u00e9galement d\u2019un acc\u00e8s ind\u00e9pendant pour les livraisons, facilitant l\u2019exploitation.Ce bien conviendra \u00e0 de nombreuses activit\u00e9s commerciales.Disponible imm\u00e9diatementDossier complet sur demandeD\u00e9p\u00f4t de garantie 17 265 \u20ac. DPE vierge. Les informations sur les risques auxquels ce bien est expos\u00e9 sont disponibles sur le site G\u00e9orisques : georisques.gouv.fr.","og_url":"https:\/\/location-teychene.com\/en\/bureaux_et_commerces\/local-commercial-740-m\u00b2-sens-sud-champbertrand\/","og_site_name":"Bureaux et commerces \u00e0 louer","article_modified_time":"2026-04-17T00:06:06+00:00","og_image":[{"width":2000,"height":1500,"url":"https:\/\/location-teychene.com\/wp-content\/uploads\/2025\/10\/1760023144_LP069_15_original.jpg","type":"image\/jpeg"}],"twitter_card":"summary_large_image","twitter_misc":{"Estimated reading time":"1 minute"},"schema":{"@context":"https:\/\/schema.org","@graph":[{"@type":["WebPage","RealEstateListing"],"@id":"https:\/\/location-teychene.com\/bureaux_et_commerces\/local-commercial-740-m%c2%b2-sens-sud-champbertrand\/","url":"https:\/\/location-teychene.com\/bureaux_et_commerces\/local-commercial-740-m%c2%b2-sens-sud-champbertrand\/","name":"Local commercial \u00e0 louer \u2022 Sens \u2022 740 m\u00b2","isPartOf":{"@id":"https:\/\/location-teychene.com\/#website"},"datePublished":"2024-10-14T08:56:27+00:00","dateModified":"2026-04-17T00:06:06+00:00","description":"\u00c0 LOUER \u2013 LOCAL COMMERCIAL | SENS SUD CHAMPBERTRAND Au c\u0153ur de la zone commerciale Sens Sud Champbertrand, ce local commercial b\u00e9n\u00e9ficie d\u2019un emplacement strat\u00e9gique au sein d\u2019un environnement attractif et dynamique. Situ\u00e9 \u00e0 proximit\u00e9 imm\u00e9diate du cin\u00e9ma Confluences, il profite d\u2019un flux de client\u00e8le r\u00e9gulier et d\u2019une forte fr\u00e9quentation. Le local d\u00e9veloppe une surface de 740 m\u00b2, comprenant un espace de vente ainsi qu\u2019une r\u00e9serve. Il dispose \u00e9galement d\u2019un acc\u00e8s ind\u00e9pendant pour les livraisons, facilitant l\u2019exploitation. Ce bien conviendra \u00e0 de nombreuses activit\u00e9s commerciales. Disponible imm\u00e9diatementDossier complet sur demande D\u00e9p\u00f4t de garantie 17 265 \u20ac. DPE vierge. Les informations sur les risques auxquels ce bien est expos\u00e9 sont disponibles sur le site G\u00e9orisques : georisques.gouv.fr.","breadcrumb":{"@id":"https:\/\/location-teychene.com\/bureaux_et_commerces\/local-commercial-740-m%c2%b2-sens-sud-champbertrand\/#breadcrumb"},"inLanguage":"en-GB","potentialAction":[{"@type":"ReadAction","target":["https:\/\/location-teychene.com\/bureaux_et_commerces\/local-commercial-740-m%c2%b2-sens-sud-champbertrand\/"]}]},{"@type":"BreadcrumbList","@id":"https:\/\/location-teychene.com\/bureaux_et_commerces\/local-commercial-740-m%c2%b2-sens-sud-champbertrand\/#breadcrumb","itemListElement":[{"@type":"ListItem","position":1,"name":"Accueil","item":"https:\/\/location-teychene.com\/"},{"@type":"ListItem","position":2,"name":"Bureaux et commerces \u00e0 louer","item":"https:\/\/location-teychene.com\/bureaux_et_commerces\/"},{"@type":"ListItem","position":3,"name":"Local commercial 740 m\u00b2 \u2013 Sens Sud Champbertrand"}]},{"@type":"WebSite","@id":"https:\/\/location-teychene.com\/#website","url":"https:\/\/location-teychene.com\/","name":"Bureaux et commerces \u00e0 louer Financi\u00e8re Teychen\u00e9","description":"Garantissez le succ\u00e8s de votre nouvelle implantation","publisher":{"@id":"https:\/\/location-teychene.com\/#organization"},"potentialAction":[{"@type":"SearchAction","target":{"@type":"EntryPoint","urlTemplate":"https:\/\/location-teychene.com\/?s={search_term_string}"},"query-input":"required name=search_term_string"}],"inLanguage":"en-GB"},{"@type":"Organization","@id":"https:\/\/location-teychene.com\/#organization","name":"Groupe Financi\u00e8re Teychen\u00e9","url":"https:\/\/location-teychene.com\/","logo":{"@type":"ImageObject","inLanguage":"en-GB","@id":"https:\/\/location-teychene.com\/#\/schema\/logo\/image\/","url":"https:\/\/location-teychene.com\/wp-content\/uploads\/2023\/08\/LogoTEYCHENE.png","contentUrl":"https:\/\/location-teychene.com\/wp-content\/uploads\/2023\/08\/LogoTEYCHENE.png","width":530,"height":114,"caption":"Groupe Financi\u00e8re Teychen\u00e9"},"image":{"@id":"https:\/\/location-teychene.com\/#\/schema\/logo\/image\/"},"sameAs":["https:\/\/www.linkedin.com\/company\/groupe-financire-teychen\/"]}]}},"_links":{"self":[{"href":"https:\/\/location-teychene.com\/en\/wp-json\/wp\/v2\/bureaux_et_commerces\/6432","targetHints":{"allow":["GET"]}}],"collection":[{"href":"https:\/\/location-teychene.com\/en\/wp-json\/wp\/v2\/bureaux_et_commerces"}],"about":[{"href":"https:\/\/location-teychene.com\/en\/wp-json\/wp\/v2\/types\/bureaux_et_commerces"}],"wp:featuredmedia":[{"embeddable":true,"href":"https:\/\/location-teychene.com\/en\/wp-json\/wp\/v2\/media\/5651"}],"wp:attachment":[{"href":"https:\/\/location-teychene.com\/en\/wp-json\/wp\/v2\/media?parent=6432"}],"wp:term":[{"taxonomy":"localisation","embeddable":true,"href":"https:\/\/location-teychene.com\/en\/wp-json\/wp\/v2\/localisation?post=6432"},{"taxonomy":"type_de_bien","embeddable":true,"href":"https:\/\/location-teychene.com\/en\/wp-json\/wp\/v2\/type_de_bien?post=6432"},{"taxonomy":"departement","embeddable":true,"href":"https:\/\/location-teychene.com\/en\/wp-json\/wp\/v2\/departement?post=6432"},{"taxonomy":"ville","embeddable":true,"href":"https:\/\/location-teychene.com\/en\/wp-json\/wp\/v2\/ville?post=6432"}],"curies":[{"name":"wp","href":"https:\/\/api.w.org\/{rel}","templated":true}]}}