{"id":6452,"date":"2026-04-02T09:34:14","date_gmt":"2026-04-02T09:34:14","guid":{"rendered":"https:\/\/location-teychene.com\/bureaux_et_commerces\/local-commercial-199-m%c2%b2-emplacement-n1-retail-park-sens-sud\/"},"modified":"2026-04-28T00:06:17","modified_gmt":"2026-04-28T00:06:17","slug":"local-commercial-199-m%c2%b2-emplacement-n1-retail-park-sens-sud","status":"publish","type":"bureaux_et_commerces","link":"https:\/\/location-teychene.com\/en\/bureaux_et_commerces\/local-commercial-199-m%c2%b2-emplacement-n1-retail-park-sens-sud\/","title":{"rendered":"Local commercial 199 m\u00b2 \u2013 Emplacement n\u00b01 Retail Park Sens Sud \u2013"},"content":{"rendered":"<div class=\"pdfprnt-buttons pdfprnt-buttons-bureaux_et_commerces pdfprnt-top-right\"><a href=\"javascript: imageToPdf()\" class=\"pdfprnt-button pdfprnt-button-pdf\" target=\"_self\"><span class=\"pdfprnt-button-title pdfprnt-button-pdf-title\">PDF download<\/span><\/a><a href=\"https:\/\/location-teychene.com\/en\/wp-json\/wp\/v2\/bureaux_et_commerces\/6452?print=print\" class=\"pdfprnt-button pdfprnt-button-print\" target=\"_blank\"><img decoding=\"async\" src=\"https:\/\/location-teychene.com\/wp-content\/plugins\/pdf-print\/images\/print.png\" alt=\"image_print\" title=\"Print Content\" \/><\/a><\/div><p>Au c\u0153ur du retail park de Sens Sud, ce local commercial b\u00e9n\u00e9ficie d\u2019un emplacement central sur la place principale, \u00e0 proximit\u00e9 imm\u00e9diate du cin\u00e9ma.<br \/>Implant\u00e9 dans un environnement commercial dynamique, il s\u2019inscrit au sein d\u2019un p\u00f4le attractif compos\u00e9 d\u2019enseignes de restauration, g\u00e9n\u00e9rant un flux r\u00e9gulier de client\u00e8le.<br \/>Le local offre une bonne visibilit\u00e9 et profite de la fr\u00e9quentation naturelle du site, avec un parking commun \u00e0 disposition.Possibilit\u00e9 de cr\u00e9ation d\u2019une extraction.<br \/>\u00c0 noter qu\u2019une possibilit\u00e9 d\u2019am\u00e9nagement d\u2019une terrasse pourrait \u00eatre \u00e9tudi\u00e9e, sous r\u00e9serve des autorisations n\u00e9cessaires (AG notamment).<br \/>Disponible imm\u00e9diatement.<\/p>\n<p>Provision sur charges 242 \u20ac HT\/mois, r\u00e9gularisation annuelle. D\u00e9p\u00f4t de garantie 8 706 \u20ac. DPE vierge. Les informations sur les risques auxquels ce bien est expos\u00e9 sont disponibles sur le site G\u00e9orisques : georisques.gouv.fr. <\/p>","protected":false},"featured_media":6434,"parent":0,"menu_order":0,"template":"","localisation":[],"type_de_bien":[41],"departement":[139],"ville":[259],"class_list":["post-6452","bureaux_et_commerces","type-bureaux_et_commerces","status-publish","has-post-thumbnail","hentry","type_de_bien-local-commercial","departement-89-yonne","ville-sens"],"acf":[],"yoast_head":"<!-- This site is optimized with the Yoast SEO plugin v21.5 - https:\/\/yoast.com\/wordpress\/plugins\/seo\/ -->\n<title>Local commercial \u00e0 louer \u2022 Sens \u2022 199 m\u00b2<\/title>\n<meta name=\"description\" content=\"Au c\u0153ur du retail park de Sens Sud, ce local commercial b\u00e9n\u00e9ficie d\u2019un emplacement central sur la place principale, \u00e0 proximit\u00e9 imm\u00e9diate du cin\u00e9ma.Implant\u00e9 dans un environnement commercial dynamique, il s\u2019inscrit au sein d\u2019un p\u00f4le attractif compos\u00e9 d\u2019enseignes de restauration, g\u00e9n\u00e9rant un flux r\u00e9gulier de client\u00e8le.Le local offre une bonne visibilit\u00e9 et profite de la fr\u00e9quentation naturelle du site, avec un parking commun \u00e0 disposition.Possibilit\u00e9 de cr\u00e9ation d\u2019une extraction.\u00c0 noter qu\u2019une possibilit\u00e9 d\u2019am\u00e9nagement d\u2019une terrasse pourrait \u00eatre \u00e9tudi\u00e9e, sous r\u00e9serve des autorisations n\u00e9cessaires (AG notamment).Disponible imm\u00e9diatement.Provision sur charges 242 \u20ac HT\/mois, r\u00e9gularisation annuelle. D\u00e9p\u00f4t de garantie 8 706 \u20ac. DPE vierge. Les informations sur les risques auxquels ce bien est expos\u00e9 sont disponibles sur le site G\u00e9orisques : georisques.gouv.fr.\" \/>\n<meta name=\"robots\" content=\"index, follow, max-snippet:-1, max-image-preview:large, max-video-preview:-1\" \/>\n<link rel=\"canonical\" href=\"https:\/\/location-teychene.com\/en\/bureaux_et_commerces\/local-commercial-199-m\u00b2-emplacement-n1-retail-park-sens-sud\/\" \/>\n<meta property=\"og:locale\" content=\"en_GB\" \/>\n<meta property=\"og:type\" content=\"article\" \/>\n<meta property=\"og:title\" content=\"Local commercial \u00e0 louer \u2022 Sens \u2022 199 m\u00b2\" \/>\n<meta property=\"og:description\" content=\"Au c\u0153ur du retail park de Sens Sud, ce local commercial b\u00e9n\u00e9ficie d\u2019un emplacement central sur la place principale, \u00e0 proximit\u00e9 imm\u00e9diate du cin\u00e9ma.Implant\u00e9 dans un environnement commercial dynamique, il s\u2019inscrit au sein d\u2019un p\u00f4le attractif compos\u00e9 d\u2019enseignes de restauration, g\u00e9n\u00e9rant un flux r\u00e9gulier de client\u00e8le.Le local offre une bonne visibilit\u00e9 et profite de la fr\u00e9quentation naturelle du site, avec un parking commun \u00e0 disposition.Possibilit\u00e9 de cr\u00e9ation d\u2019une extraction.\u00c0 noter qu\u2019une possibilit\u00e9 d\u2019am\u00e9nagement d\u2019une terrasse pourrait \u00eatre \u00e9tudi\u00e9e, sous r\u00e9serve des autorisations n\u00e9cessaires (AG notamment).Disponible imm\u00e9diatement.Provision sur charges 242 \u20ac HT\/mois, r\u00e9gularisation annuelle. D\u00e9p\u00f4t de garantie 8 706 \u20ac. DPE vierge. Les informations sur les risques auxquels ce bien est expos\u00e9 sont disponibles sur le site G\u00e9orisques : georisques.gouv.fr.\" \/>\n<meta property=\"og:url\" content=\"https:\/\/location-teychene.com\/en\/bureaux_et_commerces\/local-commercial-199-m\u00b2-emplacement-n1-retail-park-sens-sud\/\" \/>\n<meta property=\"og:site_name\" content=\"Bureaux et commerces \u00e0 louer\" \/>\n<meta property=\"article:modified_time\" content=\"2026-04-28T00:06:17+00:00\" \/>\n<meta property=\"og:image\" content=\"https:\/\/location-teychene.com\/wp-content\/uploads\/2026\/04\/1775122511_LP296_1_original.jpg\" \/>\n\t<meta property=\"og:image:width\" content=\"2000\" \/>\n\t<meta property=\"og:image:height\" content=\"1500\" \/>\n\t<meta property=\"og:image:type\" content=\"image\/jpeg\" \/>\n<meta name=\"twitter:card\" content=\"summary_large_image\" \/>\n<meta name=\"twitter:label1\" content=\"Estimated reading time\" \/>\n\t<meta name=\"twitter:data1\" content=\"1 minute\" \/>\n<script type=\"application\/ld+json\" class=\"yoast-schema-graph\">{\"@context\":\"https:\/\/schema.org\",\"@graph\":[{\"@type\":[\"WebPage\",\"RealEstateListing\"],\"@id\":\"https:\/\/location-teychene.com\/bureaux_et_commerces\/local-commercial-199-m%c2%b2-emplacement-n1-retail-park-sens-sud\/\",\"url\":\"https:\/\/location-teychene.com\/bureaux_et_commerces\/local-commercial-199-m%c2%b2-emplacement-n1-retail-park-sens-sud\/\",\"name\":\"Local commercial \u00e0 louer \u2022 Sens \u2022 199 m\u00b2\",\"isPartOf\":{\"@id\":\"https:\/\/location-teychene.com\/#website\"},\"datePublished\":\"2026-04-02T09:34:14+00:00\",\"dateModified\":\"2026-04-28T00:06:17+00:00\",\"description\":\"Au c\u0153ur du retail park de Sens Sud, ce local commercial b\u00e9n\u00e9ficie d\u2019un emplacement central sur la place principale, \u00e0 proximit\u00e9 imm\u00e9diate du cin\u00e9ma. Implant\u00e9 dans un environnement commercial dynamique, il s\u2019inscrit au sein d\u2019un p\u00f4le attractif compos\u00e9 d\u2019enseignes de restauration, g\u00e9n\u00e9rant un flux r\u00e9gulier de client\u00e8le. Le local offre une bonne visibilit\u00e9 et profite de la fr\u00e9quentation naturelle du site, avec un parking commun \u00e0 disposition.Possibilit\u00e9 de cr\u00e9ation d\u2019une extraction. \u00c0 noter qu\u2019une possibilit\u00e9 d\u2019am\u00e9nagement d\u2019une terrasse pourrait \u00eatre \u00e9tudi\u00e9e, sous r\u00e9serve des autorisations n\u00e9cessaires (AG notamment). Disponible imm\u00e9diatement. Provision sur charges 242 \u20ac HT\/mois, r\u00e9gularisation annuelle. D\u00e9p\u00f4t de garantie 8 706 \u20ac. DPE vierge. Les informations sur les risques auxquels ce bien est expos\u00e9 sont disponibles sur le site G\u00e9orisques : georisques.gouv.fr.\",\"breadcrumb\":{\"@id\":\"https:\/\/location-teychene.com\/bureaux_et_commerces\/local-commercial-199-m%c2%b2-emplacement-n1-retail-park-sens-sud\/#breadcrumb\"},\"inLanguage\":\"en-GB\",\"potentialAction\":[{\"@type\":\"ReadAction\",\"target\":[\"https:\/\/location-teychene.com\/bureaux_et_commerces\/local-commercial-199-m%c2%b2-emplacement-n1-retail-park-sens-sud\/\"]}]},{\"@type\":\"BreadcrumbList\",\"@id\":\"https:\/\/location-teychene.com\/bureaux_et_commerces\/local-commercial-199-m%c2%b2-emplacement-n1-retail-park-sens-sud\/#breadcrumb\",\"itemListElement\":[{\"@type\":\"ListItem\",\"position\":1,\"name\":\"Accueil\",\"item\":\"https:\/\/location-teychene.com\/\"},{\"@type\":\"ListItem\",\"position\":2,\"name\":\"Bureaux et commerces \u00e0 louer\",\"item\":\"https:\/\/location-teychene.com\/bureaux_et_commerces\/\"},{\"@type\":\"ListItem\",\"position\":3,\"name\":\"Local commercial 199 m\u00b2 \u2013 Emplacement n\u00b01 Retail Park Sens Sud \u2013\"}]},{\"@type\":\"WebSite\",\"@id\":\"https:\/\/location-teychene.com\/#website\",\"url\":\"https:\/\/location-teychene.com\/\",\"name\":\"Bureaux et commerces \u00e0 louer Financi\u00e8re Teychen\u00e9\",\"description\":\"Garantissez le succ\u00e8s de votre nouvelle implantation\",\"publisher\":{\"@id\":\"https:\/\/location-teychene.com\/#organization\"},\"potentialAction\":[{\"@type\":\"SearchAction\",\"target\":{\"@type\":\"EntryPoint\",\"urlTemplate\":\"https:\/\/location-teychene.com\/?s={search_term_string}\"},\"query-input\":\"required name=search_term_string\"}],\"inLanguage\":\"en-GB\"},{\"@type\":\"Organization\",\"@id\":\"https:\/\/location-teychene.com\/#organization\",\"name\":\"Groupe Financi\u00e8re Teychen\u00e9\",\"url\":\"https:\/\/location-teychene.com\/\",\"logo\":{\"@type\":\"ImageObject\",\"inLanguage\":\"en-GB\",\"@id\":\"https:\/\/location-teychene.com\/#\/schema\/logo\/image\/\",\"url\":\"https:\/\/location-teychene.com\/wp-content\/uploads\/2023\/08\/LogoTEYCHENE.png\",\"contentUrl\":\"https:\/\/location-teychene.com\/wp-content\/uploads\/2023\/08\/LogoTEYCHENE.png\",\"width\":530,\"height\":114,\"caption\":\"Groupe Financi\u00e8re Teychen\u00e9\"},\"image\":{\"@id\":\"https:\/\/location-teychene.com\/#\/schema\/logo\/image\/\"},\"sameAs\":[\"https:\/\/www.linkedin.com\/company\/groupe-financire-teychen\/\"]}]}<\/script>\n<!-- \/ Yoast SEO plugin. -->","yoast_head_json":{"title":"Local commercial \u00e0 louer \u2022 Sens \u2022 199 m\u00b2","description":"Au c\u0153ur du retail park de Sens Sud, ce local commercial b\u00e9n\u00e9ficie d\u2019un emplacement central sur la place principale, \u00e0 proximit\u00e9 imm\u00e9diate du cin\u00e9ma.Implant\u00e9 dans un environnement commercial dynamique, il s\u2019inscrit au sein d\u2019un p\u00f4le attractif compos\u00e9 d\u2019enseignes de restauration, g\u00e9n\u00e9rant un flux r\u00e9gulier de client\u00e8le.Le local offre une bonne visibilit\u00e9 et profite de la fr\u00e9quentation naturelle du site, avec un parking commun \u00e0 disposition.Possibilit\u00e9 de cr\u00e9ation d\u2019une extraction.\u00c0 noter qu\u2019une possibilit\u00e9 d\u2019am\u00e9nagement d\u2019une terrasse pourrait \u00eatre \u00e9tudi\u00e9e, sous r\u00e9serve des autorisations n\u00e9cessaires (AG notamment).Disponible imm\u00e9diatement.Provision sur charges 242 \u20ac HT\/mois, r\u00e9gularisation annuelle. D\u00e9p\u00f4t de garantie 8 706 \u20ac. DPE vierge. Les informations sur les risques auxquels ce bien est expos\u00e9 sont disponibles sur le site G\u00e9orisques : georisques.gouv.fr.","robots":{"index":"index","follow":"follow","max-snippet":"max-snippet:-1","max-image-preview":"max-image-preview:large","max-video-preview":"max-video-preview:-1"},"canonical":"https:\/\/location-teychene.com\/en\/bureaux_et_commerces\/local-commercial-199-m\u00b2-emplacement-n1-retail-park-sens-sud\/","og_locale":"en_GB","og_type":"article","og_title":"Local commercial \u00e0 louer \u2022 Sens \u2022 199 m\u00b2","og_description":"Au c\u0153ur du retail park de Sens Sud, ce local commercial b\u00e9n\u00e9ficie d\u2019un emplacement central sur la place principale, \u00e0 proximit\u00e9 imm\u00e9diate du cin\u00e9ma.Implant\u00e9 dans un environnement commercial dynamique, il s\u2019inscrit au sein d\u2019un p\u00f4le attractif compos\u00e9 d\u2019enseignes de restauration, g\u00e9n\u00e9rant un flux r\u00e9gulier de client\u00e8le.Le local offre une bonne visibilit\u00e9 et profite de la fr\u00e9quentation naturelle du site, avec un parking commun \u00e0 disposition.Possibilit\u00e9 de cr\u00e9ation d\u2019une extraction.\u00c0 noter qu\u2019une possibilit\u00e9 d\u2019am\u00e9nagement d\u2019une terrasse pourrait \u00eatre \u00e9tudi\u00e9e, sous r\u00e9serve des autorisations n\u00e9cessaires (AG notamment).Disponible imm\u00e9diatement.Provision sur charges 242 \u20ac HT\/mois, r\u00e9gularisation annuelle. D\u00e9p\u00f4t de garantie 8 706 \u20ac. DPE vierge. Les informations sur les risques auxquels ce bien est expos\u00e9 sont disponibles sur le site G\u00e9orisques : georisques.gouv.fr.","og_url":"https:\/\/location-teychene.com\/en\/bureaux_et_commerces\/local-commercial-199-m\u00b2-emplacement-n1-retail-park-sens-sud\/","og_site_name":"Bureaux et commerces \u00e0 louer","article_modified_time":"2026-04-28T00:06:17+00:00","og_image":[{"width":2000,"height":1500,"url":"https:\/\/location-teychene.com\/wp-content\/uploads\/2026\/04\/1775122511_LP296_1_original.jpg","type":"image\/jpeg"}],"twitter_card":"summary_large_image","twitter_misc":{"Estimated reading time":"1 minute"},"schema":{"@context":"https:\/\/schema.org","@graph":[{"@type":["WebPage","RealEstateListing"],"@id":"https:\/\/location-teychene.com\/bureaux_et_commerces\/local-commercial-199-m%c2%b2-emplacement-n1-retail-park-sens-sud\/","url":"https:\/\/location-teychene.com\/bureaux_et_commerces\/local-commercial-199-m%c2%b2-emplacement-n1-retail-park-sens-sud\/","name":"Local commercial \u00e0 louer \u2022 Sens \u2022 199 m\u00b2","isPartOf":{"@id":"https:\/\/location-teychene.com\/#website"},"datePublished":"2026-04-02T09:34:14+00:00","dateModified":"2026-04-28T00:06:17+00:00","description":"Au c\u0153ur du retail park de Sens Sud, ce local commercial b\u00e9n\u00e9ficie d\u2019un emplacement central sur la place principale, \u00e0 proximit\u00e9 imm\u00e9diate du cin\u00e9ma. Implant\u00e9 dans un environnement commercial dynamique, il s\u2019inscrit au sein d\u2019un p\u00f4le attractif compos\u00e9 d\u2019enseignes de restauration, g\u00e9n\u00e9rant un flux r\u00e9gulier de client\u00e8le. Le local offre une bonne visibilit\u00e9 et profite de la fr\u00e9quentation naturelle du site, avec un parking commun \u00e0 disposition.Possibilit\u00e9 de cr\u00e9ation d\u2019une extraction. \u00c0 noter qu\u2019une possibilit\u00e9 d\u2019am\u00e9nagement d\u2019une terrasse pourrait \u00eatre \u00e9tudi\u00e9e, sous r\u00e9serve des autorisations n\u00e9cessaires (AG notamment). Disponible imm\u00e9diatement. Provision sur charges 242 \u20ac HT\/mois, r\u00e9gularisation annuelle. D\u00e9p\u00f4t de garantie 8 706 \u20ac. DPE vierge. Les informations sur les risques auxquels ce bien est expos\u00e9 sont disponibles sur le site G\u00e9orisques : georisques.gouv.fr.","breadcrumb":{"@id":"https:\/\/location-teychene.com\/bureaux_et_commerces\/local-commercial-199-m%c2%b2-emplacement-n1-retail-park-sens-sud\/#breadcrumb"},"inLanguage":"en-GB","potentialAction":[{"@type":"ReadAction","target":["https:\/\/location-teychene.com\/bureaux_et_commerces\/local-commercial-199-m%c2%b2-emplacement-n1-retail-park-sens-sud\/"]}]},{"@type":"BreadcrumbList","@id":"https:\/\/location-teychene.com\/bureaux_et_commerces\/local-commercial-199-m%c2%b2-emplacement-n1-retail-park-sens-sud\/#breadcrumb","itemListElement":[{"@type":"ListItem","position":1,"name":"Accueil","item":"https:\/\/location-teychene.com\/"},{"@type":"ListItem","position":2,"name":"Bureaux et commerces \u00e0 louer","item":"https:\/\/location-teychene.com\/bureaux_et_commerces\/"},{"@type":"ListItem","position":3,"name":"Local commercial 199 m\u00b2 \u2013 Emplacement n\u00b01 Retail Park Sens Sud \u2013"}]},{"@type":"WebSite","@id":"https:\/\/location-teychene.com\/#website","url":"https:\/\/location-teychene.com\/","name":"Bureaux et commerces \u00e0 louer Financi\u00e8re Teychen\u00e9","description":"Garantissez le succ\u00e8s de votre nouvelle implantation","publisher":{"@id":"https:\/\/location-teychene.com\/#organization"},"potentialAction":[{"@type":"SearchAction","target":{"@type":"EntryPoint","urlTemplate":"https:\/\/location-teychene.com\/?s={search_term_string}"},"query-input":"required name=search_term_string"}],"inLanguage":"en-GB"},{"@type":"Organization","@id":"https:\/\/location-teychene.com\/#organization","name":"Groupe Financi\u00e8re Teychen\u00e9","url":"https:\/\/location-teychene.com\/","logo":{"@type":"ImageObject","inLanguage":"en-GB","@id":"https:\/\/location-teychene.com\/#\/schema\/logo\/image\/","url":"https:\/\/location-teychene.com\/wp-content\/uploads\/2023\/08\/LogoTEYCHENE.png","contentUrl":"https:\/\/location-teychene.com\/wp-content\/uploads\/2023\/08\/LogoTEYCHENE.png","width":530,"height":114,"caption":"Groupe Financi\u00e8re Teychen\u00e9"},"image":{"@id":"https:\/\/location-teychene.com\/#\/schema\/logo\/image\/"},"sameAs":["https:\/\/www.linkedin.com\/company\/groupe-financire-teychen\/"]}]}},"_links":{"self":[{"href":"https:\/\/location-teychene.com\/en\/wp-json\/wp\/v2\/bureaux_et_commerces\/6452","targetHints":{"allow":["GET"]}}],"collection":[{"href":"https:\/\/location-teychene.com\/en\/wp-json\/wp\/v2\/bureaux_et_commerces"}],"about":[{"href":"https:\/\/location-teychene.com\/en\/wp-json\/wp\/v2\/types\/bureaux_et_commerces"}],"wp:featuredmedia":[{"embeddable":true,"href":"https:\/\/location-teychene.com\/en\/wp-json\/wp\/v2\/media\/6434"}],"wp:attachment":[{"href":"https:\/\/location-teychene.com\/en\/wp-json\/wp\/v2\/media?parent=6452"}],"wp:term":[{"taxonomy":"localisation","embeddable":true,"href":"https:\/\/location-teychene.com\/en\/wp-json\/wp\/v2\/localisation?post=6452"},{"taxonomy":"type_de_bien","embeddable":true,"href":"https:\/\/location-teychene.com\/en\/wp-json\/wp\/v2\/type_de_bien?post=6452"},{"taxonomy":"departement","embeddable":true,"href":"https:\/\/location-teychene.com\/en\/wp-json\/wp\/v2\/departement?post=6452"},{"taxonomy":"ville","embeddable":true,"href":"https:\/\/location-teychene.com\/en\/wp-json\/wp\/v2\/ville?post=6452"}],"curies":[{"name":"wp","href":"https:\/\/api.w.org\/{rel}","templated":true}]}}